{"id":5565,"date":"2023-06-21T18:23:59","date_gmt":"2023-06-21T22:23:59","guid":{"rendered":"https:\/\/carefor.ca\/programs\/respite-adult-day-programs\/"},"modified":"2024-02-09T16:00:17","modified_gmt":"2024-02-09T21:00:17","slug":"programmes-de-our-pour-adultes","status":"publish","type":"program","link":"https:\/\/carefor.ca\/fr\/programs\/programmes-de-our-pour-adultes\/","title":{"rendered":"Programmes de jour pour adultes"},"content":{"rendered":"<div id=\"service-intro-block_d896bab7c94a0877b506dfbd4f12a59a\" class=\"service-intro alignfull community light\">\n\t<div class=\"service-intro-wrapper\">\n\t\t<div class=\"service-intro-image\">\n\t\t\t<div class=\"breadcrumbs show-for-small-only\"><span><span><a href=\"https:\/\/carefor.ca\/fr\/\">Home<\/a><\/span><\/span><\/div>\t\t\t\t\t\t\t<img loading=\"lazy\" decoding=\"async\" width=\"768\" height=\"512\" src=\"https:\/\/carefor.ca\/wp-content\/uploads\/2023\/06\/Carefor_IMG_6312-768x512.jpg\" class=\"attachment-box-image size-box-image\" alt=\"Adult Day Programs\" srcset=\"https:\/\/carefor.ca\/wp-content\/uploads\/2023\/06\/Carefor_IMG_6312-768x512.jpg 768w, https:\/\/carefor.ca\/wp-content\/uploads\/2023\/06\/Carefor_IMG_6312-300x200.jpg 300w, https:\/\/carefor.ca\/wp-content\/uploads\/2023\/06\/Carefor_IMG_6312-1024x683.jpg 1024w, https:\/\/carefor.ca\/wp-content\/uploads\/2023\/06\/Carefor_IMG_6312-1536x1024.jpg 1536w, https:\/\/carefor.ca\/wp-content\/uploads\/2023\/06\/Carefor_IMG_6312-2048x1365.jpg 2048w, https:\/\/carefor.ca\/wp-content\/uploads\/2023\/06\/Carefor_IMG_6312-2000x1333.jpg 2000w, https:\/\/carefor.ca\/wp-content\/uploads\/2023\/06\/Carefor_IMG_6312-400x267.jpg 400w\" sizes=\"auto, (max-width: 768px) 100vw, 768px\" \/>\t\t\t\t\t<\/div>\n\t\t<div class=\"service-intro-content\">\n\t\t\t<div class=\"service-intro-content-inner\">\n\t\t\t\t<div class=\"breadcrumbs hide-for-small-only\"><span><span><a href=\"https:\/\/carefor.ca\/fr\/\">Home<\/a><\/span><\/span><\/div>\n\t\t\t\t\t\t\t\t\t<div class=\"service-icon\">\n\t\t\t\t\t\t<img loading=\"lazy\" decoding=\"async\" width=\"27\" height=\"44\" src=\"https:\/\/carefor.ca\/wp-content\/uploads\/2023\/06\/respite.svg\" class=\"attachment-logo-image size-logo-image\" alt=\"\" \/>\t\t\t\t\t<\/div>\n\t\t\t\t\t\t\t\t\t\t\t\t\t<div class=\"block-details\">\n\t\t\t\t\t\t<h2>Programmes de jour pour adultes<\/h2>\n<p>Une journ\u00e9e entre amis pour votre proche et une petite pause pour vous.<\/p>\n<p>Les programmes de jour pour adultes sont synonymes de rires, de plaisir et d\u2019entraide. Sp\u00e9cialement con\u00e7us pour les personnes atteintes de d\u00e9mence ou aux prises avec des probl\u00e8mes de sant\u00e9 mentale, nos programmes offrent des activit\u00e9s stimulantes et des relations humaines nourrissantes aux b\u00e9n\u00e9ficiaires, ainsi qu\u2019une pause bien m\u00e9rit\u00e9e \u00e0 leurs proches aidants.<\/p>\n\t\t\t\t\t<\/div>\n\t\t\t\t\t\t\t<\/div>\n\t\t<\/div>\n\t<\/div>\n<\/div>\n\n\n<div id=\"program-features-block_01aa3d7872d986eb8d0af4e9c5beff6b\" class=\"program-features alignfull \">\n        <div class=\"features-wrapper\">\n        <div class=\"row column\">\n                        <div class=\"features\">\n                                    <div class=\"feature\">\n                        <div class=\"feature-image\">\n                            <img loading=\"lazy\" decoding=\"async\" width=\"768\" height=\"512\" src=\"https:\/\/carefor.ca\/wp-content\/uploads\/2023\/06\/IMG_9364-768x512.jpg\" class=\"attachment-box-image size-box-image\" alt=\"Three elderly people sit next to each other on a couch, all smiling.\" srcset=\"https:\/\/carefor.ca\/wp-content\/uploads\/2023\/06\/IMG_9364-768x512.jpg 768w, https:\/\/carefor.ca\/wp-content\/uploads\/2023\/06\/IMG_9364-300x200.jpg 300w, https:\/\/carefor.ca\/wp-content\/uploads\/2023\/06\/IMG_9364-1024x683.jpg 1024w, https:\/\/carefor.ca\/wp-content\/uploads\/2023\/06\/IMG_9364-1536x1024.jpg 1536w, https:\/\/carefor.ca\/wp-content\/uploads\/2023\/06\/IMG_9364-2048x1365.jpg 2048w, https:\/\/carefor.ca\/wp-content\/uploads\/2023\/06\/IMG_9364-2000x1333.jpg 2000w, https:\/\/carefor.ca\/wp-content\/uploads\/2023\/06\/IMG_9364-400x267.jpg 400w\" sizes=\"auto, (max-width: 768px) 100vw, 768px\" \/>                        <\/div>\n                                                <div class=\"feature-title\">\n                            <h4>Programme de jour pour adultes de Carling                            <\/h4>\n                        <\/div>\n                                                                        <div class=\"feature-description\">\n                            <p>OTTAWA: Offert cinq jours par semaine, le programme de jour pour adultes de Carling est un lieu d\u2019\u00e9changes entre amis.<\/p>\n                        <\/div>\n                                                                        <div class=\"item-cta\">\n                            <a href=\"https:\/\/carefor.ca\/fr\/programs\/carling-adult-day-program\/\" class=\"cta-with-arrow\">EN SAVOIR PLUS<\/a>                        <\/div>\n                                            <\/div>\n                                    <div class=\"feature\">\n                        <div class=\"feature-image\">\n                            <img loading=\"lazy\" decoding=\"async\" width=\"768\" height=\"510\" src=\"https:\/\/carefor.ca\/wp-content\/uploads\/2023\/06\/DSC_1716-768x510.jpg\" class=\"attachment-box-image size-box-image\" alt=\"An elderly woman sitting at a table working on a colouring page with one hand. A Carefor team member is painting the nails on her other hand.\" srcset=\"https:\/\/carefor.ca\/wp-content\/uploads\/2023\/06\/DSC_1716-768x510.jpg 768w, https:\/\/carefor.ca\/wp-content\/uploads\/2023\/06\/DSC_1716-300x199.jpg 300w, https:\/\/carefor.ca\/wp-content\/uploads\/2023\/06\/DSC_1716-1024x680.jpg 1024w, https:\/\/carefor.ca\/wp-content\/uploads\/2023\/06\/DSC_1716-1536x1020.jpg 1536w, https:\/\/carefor.ca\/wp-content\/uploads\/2023\/06\/DSC_1716-2048x1360.jpg 2048w, https:\/\/carefor.ca\/wp-content\/uploads\/2023\/06\/DSC_1716-2000x1328.jpg 2000w, https:\/\/carefor.ca\/wp-content\/uploads\/2023\/06\/DSC_1716-400x266.jpg 400w\" sizes=\"auto, (max-width: 768px) 100vw, 768px\" \/>                        <\/div>\n                                                <div class=\"feature-title\">\n                            <h4><a href=\"https:\/\/carefor.ca\/fr\/programs\/respite-adult-day-programs\/perley-adult-day-program\/\">Programme de jour pour adultes du Centre Perley<\/a>                            <\/h4>\n                        <\/div>\n                                                                        <div class=\"feature-description\">\n                            <p>OTTAWA: Situ\u00e9 dans le centre de Sant\u00e9 Perley, ce programme de jour pour adultes est synonyme de plaisir et de bon temps entre amis.<\/p>\n                        <\/div>\n                                                                        <div class=\"item-cta\">\n                            <a href=\"https:\/\/carefor.ca\/fr\/programs\/respite-adult-day-programs\/perley-adult-day-program\/\" class=\"cta-with-arrow\">EN SAVOIR PLUS<\/a>                        <\/div>\n                                            <\/div>\n                                    <div class=\"feature\">\n                        <div class=\"feature-image\">\n                            <img loading=\"lazy\" decoding=\"async\" width=\"768\" height=\"512\" src=\"https:\/\/carefor.ca\/wp-content\/uploads\/2023\/06\/Carefor_s-Guest-House-6-768x512.jpg\" class=\"attachment-box-image size-box-image\" alt=\"A Carefor team member sitting with an elderly woman on a couch. The team member is pulling the elderly woman into a hug.\" srcset=\"https:\/\/carefor.ca\/wp-content\/uploads\/2023\/06\/Carefor_s-Guest-House-6-768x512.jpg 768w, https:\/\/carefor.ca\/wp-content\/uploads\/2023\/06\/Carefor_s-Guest-House-6-300x200.jpg 300w, https:\/\/carefor.ca\/wp-content\/uploads\/2023\/06\/Carefor_s-Guest-House-6-1024x683.jpg 1024w, https:\/\/carefor.ca\/wp-content\/uploads\/2023\/06\/Carefor_s-Guest-House-6-1536x1024.jpg 1536w, https:\/\/carefor.ca\/wp-content\/uploads\/2023\/06\/Carefor_s-Guest-House-6-2048x1365.jpg 2048w, https:\/\/carefor.ca\/wp-content\/uploads\/2023\/06\/Carefor_s-Guest-House-6-2000x1333.jpg 2000w, https:\/\/carefor.ca\/wp-content\/uploads\/2023\/06\/Carefor_s-Guest-House-6-400x267.jpg 400w\" sizes=\"auto, (max-width: 768px) 100vw, 768px\" \/>                        <\/div>\n                                                <div class=\"feature-title\">\n                            <h4><a href=\"https:\/\/carefor.ca\/fr\/programs\/respite-adult-day-programs\/lets-get-together-club\/\">Programme R\u00e9unissons-nous<\/a>                            <\/h4>\n                        <\/div>\n                                                                        <div class=\"feature-description\">\n                            <p>OTTAWA: Le seul programme de jour pour adultes d\u2019Ottawa pour les personnes \u00e2g\u00e9es aux prises avec des probl\u00e8mes de sant\u00e9 mentale.<\/p>\n                        <\/div>\n                                                                        <div class=\"item-cta\">\n                            <a href=\"https:\/\/carefor.ca\/fr\/programs\/respite-adult-day-programs\/lets-get-together-club\/\" class=\"cta-with-arrow\">EN SAVOIR PLUS<\/a>                        <\/div>\n                                            <\/div>\n                                    <div class=\"feature\">\n                        <div class=\"feature-image\">\n                            <img loading=\"lazy\" decoding=\"async\" width=\"768\" height=\"441\" src=\"https:\/\/carefor.ca\/wp-content\/uploads\/2023\/07\/VMFF-768x441.jpg\" class=\"attachment-box-image size-box-image\" alt=\"A group of elderly people sitting on chairs holding coloured rods. They are being led in an exercise by a Carefor team member.\" srcset=\"https:\/\/carefor.ca\/wp-content\/uploads\/2023\/07\/VMFF-768x441.jpg 768w, https:\/\/carefor.ca\/wp-content\/uploads\/2023\/07\/VMFF-300x172.jpg 300w, https:\/\/carefor.ca\/wp-content\/uploads\/2023\/07\/VMFF-1024x589.jpg 1024w, https:\/\/carefor.ca\/wp-content\/uploads\/2023\/07\/VMFF-400x230.jpg 400w, https:\/\/carefor.ca\/wp-content\/uploads\/2023\/07\/VMFF.jpg 1129w\" sizes=\"auto, (max-width: 768px) 100vw, 768px\" \/>                        <\/div>\n                                                <div class=\"feature-title\">\n                            <h4><a href=\"https:\/\/carefor.ca\/fr\/programs\/respite-adult-day-programs\/vince-malette-functional-fitness-program\/\">Programme de conditionnement physique fonctionnel de Vince Malette<\/a>                            <\/h4>\n                        <\/div>\n                                                                        <div class=\"feature-description\">\n                            <p>OTTAWA: Un programme de conditionnement physique unique en son genre offert aux personnes \u00e2g\u00e9es atteintes de d\u00e9mence de l\u2019Est et de l\u2019Ouest de la ville d\u2019Ottawa. L\u2019objectif : bouger!<\/p>\n                        <\/div>\n                                                                        <div class=\"item-cta\">\n                            <a href=\"https:\/\/carefor.ca\/fr\/programs\/respite-adult-day-programs\/vince-malette-functional-fitness-program\/\" class=\"cta-with-arrow\">EN SAVOIR PLUS<\/a>                        <\/div>\n                                            <\/div>\n                                    <div class=\"feature\">\n                        <div class=\"feature-image\">\n                            <img loading=\"lazy\" decoding=\"async\" width=\"768\" height=\"512\" src=\"https:\/\/carefor.ca\/wp-content\/uploads\/2023\/06\/Adult-Day-Program-1-768x512.jpeg\" class=\"attachment-box-image size-box-image\" alt=\"Adult Day Program\" srcset=\"https:\/\/carefor.ca\/wp-content\/uploads\/2023\/06\/Adult-Day-Program-1-768x512.jpeg 768w, https:\/\/carefor.ca\/wp-content\/uploads\/2023\/06\/Adult-Day-Program-1-300x200.jpeg 300w, https:\/\/carefor.ca\/wp-content\/uploads\/2023\/06\/Adult-Day-Program-1-1024x683.jpeg 1024w, https:\/\/carefor.ca\/wp-content\/uploads\/2023\/06\/Adult-Day-Program-1-1536x1024.jpeg 1536w, https:\/\/carefor.ca\/wp-content\/uploads\/2023\/06\/Adult-Day-Program-1-2048x1365.jpeg 2048w, https:\/\/carefor.ca\/wp-content\/uploads\/2023\/06\/Adult-Day-Program-1-2000x1333.jpeg 2000w, https:\/\/carefor.ca\/wp-content\/uploads\/2023\/06\/Adult-Day-Program-1-400x267.jpeg 400w\" sizes=\"auto, (max-width: 768px) 100vw, 768px\" \/>                        <\/div>\n                                                <div class=\"feature-title\">\n                            <h4><a href=\"https:\/\/carefor.ca\/fr\/programs\/respite-adult-day-programs\/finch-adult-day-program\/\">Programme de jour pour adultes de Finch<\/a>                            <\/h4>\n                        <\/div>\n                                                                        <div class=\"feature-description\">\n                            <p>FINCH: Offert au Centre de soutien aux a\u00een\u00e9s North-Stor, notre programme de jour pour adultes offre des activit\u00e9s supervis\u00e9es et de soutien pour les a\u00een\u00e9s et les personnes ayant des besoins sp\u00e9cialis\u00e9s tels que la d\u00e9mence et les handicaps physiques.<\/p>\n                        <\/div>\n                                                                        <div class=\"item-cta\">\n                            <a href=\"https:\/\/carefor.ca\/fr\/programs\/respite-adult-day-programs\/finch-adult-day-program\/\" class=\"cta-with-arrow\">EN SAVOIR PLUS<\/a>                        <\/div>\n                                            <\/div>\n                            <\/div>\n        <\/div>\n    <\/div>\n    <\/div>\n\n\n\n<div id=\"image-text-block_4e7d08c1263e802e2f89e58d7cdddcca_0\" class=\"image-text alignfull image-text-0 \">\n    <div class=\"block-wrapper\">\n        <div class=\"row column\">\n            <div class=\"image-text-container\">\n                <div class=\"text-wrapper\">\n                    <div class=\"text-content\">\n                        <h3>B\u00e9n\u00e9volat<\/h3>\n\t                    <p>Am\u00e9liorez la vie des gens, dont vous-m\u00eame! De nombreuses possibilit\u00e9s s\u2019offrent \u00e0 vous.<\/p>\n                       \t                    <a href=\"https:\/\/carefor.ca\/fr\/contact-us\/volunteer\/\" target=\"_blank\" class=\"cta\">B\u00e9n\u00e9volat<\/a>                                           <\/div>\n\n                <\/div>\n                <div class=\"image-wrapper\">\n                                                                <div class=\"rounded-image image-0\">\n\n                                                         <a href=\"https:\/\/carefor.ca\/fr\/contact-us\/volunteer\/\" target=\"_blank\">\n                                 <img loading=\"lazy\" decoding=\"async\" width=\"768\" height=\"1024\" src=\"https:\/\/carefor.ca\/wp-content\/uploads\/2023\/06\/Volunteer-2-768x1024.jpg\" class=\"attachment-box-image size-box-image\" alt=\"\" srcset=\"https:\/\/carefor.ca\/wp-content\/uploads\/2023\/06\/Volunteer-2-768x1024.jpg 768w, https:\/\/carefor.ca\/wp-content\/uploads\/2023\/06\/Volunteer-2-225x300.jpg 225w, https:\/\/carefor.ca\/wp-content\/uploads\/2023\/06\/Volunteer-2-1152x1536.jpg 1152w, https:\/\/carefor.ca\/wp-content\/uploads\/2023\/06\/Volunteer-2-1536x2048.jpg 1536w, https:\/\/carefor.ca\/wp-content\/uploads\/2023\/06\/Volunteer-2-2000x2667.jpg 2000w, https:\/\/carefor.ca\/wp-content\/uploads\/2023\/06\/Volunteer-2-400x533.jpg 400w, https:\/\/carefor.ca\/wp-content\/uploads\/2023\/06\/Volunteer-2-scaled.jpg 1920w\" sizes=\"auto, (max-width: 768px) 100vw, 768px\" \/>                              <\/a>\n                                                   <\/div>\n\n                                                        <\/div>\n            <\/div>\n        <\/div>\n    <\/div>\n<\/div>\n<div id=\"image-text-block_4e7d08c1263e802e2f89e58d7cdddcca_1\" class=\"image-text alignfull image-text-1 \">\n    <div class=\"block-wrapper\">\n        <div class=\"row column\">\n            <div class=\"image-text-container\">\n                <div class=\"text-wrapper\">\n                    <div class=\"text-content\">\n                        <h3>Faire un don<\/h3>\n\t                    <p>Joignez-vous \u00e0 notre grande famille de donateurs et de donatrices, qui rendent la vie plus douce aux personnes \u00e2g\u00e9es de leur communaut\u00e9.<\/p>\n                       \t                    <a href=\"https:\/\/carefor.ca\/fr\/donate-now\/\" class=\"cta\">Faire un don<\/a>                                           <\/div>\n\n                <\/div>\n                <div class=\"image-wrapper\">\n                                                                <div class=\"rounded-image image-0\">\n\n                                                         <a href=\"https:\/\/carefor.ca\/fr\/donate-now\/\" >\n                                 <img loading=\"lazy\" decoding=\"async\" width=\"768\" height=\"574\" src=\"https:\/\/carefor.ca\/wp-content\/uploads\/2023\/06\/Donate-2-768x574.jpg\" class=\"attachment-box-image size-box-image\" alt=\"\" srcset=\"https:\/\/carefor.ca\/wp-content\/uploads\/2023\/06\/Donate-2-768x574.jpg 768w, https:\/\/carefor.ca\/wp-content\/uploads\/2023\/06\/Donate-2-300x224.jpg 300w, https:\/\/carefor.ca\/wp-content\/uploads\/2023\/06\/Donate-2-400x299.jpg 400w, https:\/\/carefor.ca\/wp-content\/uploads\/2023\/06\/Donate-2.jpg 960w\" sizes=\"auto, (max-width: 768px) 100vw, 768px\" \/>                              <\/a>\n                                                   <\/div>\n\n                                                        <\/div>\n            <\/div>\n        <\/div>\n    <\/div>\n<\/div>\n\n<div class=\"large reveal video-reveal\" id=\"link-video\" data-reveal>\n   <div class=\"responsive-embed widescreen\">\n\n   <\/div>\n   <button class=\"close-button\" data-close aria-label=\"Close modal\" type=\"button\">\n      <span aria-hidden=\"true\">&times;<\/span>\n   <\/button>\n<\/div>\n\n<div id=\"impact-stories-block_b783f34aefb1d3770913cf93b934ba49\" class=\"impact-stories alignfull \">\n    <div class=\"stories-slides\" id=\"stories-slides-slider\">\n                <div class=\"blog-post-slide\">\n                <div class=\"post-info\">\n                   <div class=\"post-info-inner\">\n                      <div class=\"blog-title\">\n                                               <\/div>\n                      <div class=\"title\">\n                         <h4><a href=\"https:\/\/carefor.ca\/fr\/stories\/carling-day-program-has-become-a-second-family-for-both-participants-and-caregivers\/\" class=\"\" data-post-id=\"6784\">Carling Day Program est devenu une deuxi\u00e8me famille pour les participants et les soignants<\/a><\/h4>\n                      <\/div>\n                      <div class=\"excerpt\">\n                         <p>Apr\u00e8s avoir souffert d&rsquo;un accident vasculaire c\u00e9r\u00e9bral, le mode de vie d&rsquo;Eli a radicalement chang\u00e9. Tout \u00e0 coup, il a eu besoin de types de soutien dont il n&rsquo;avait jamais [&hellip;]<\/p>\n                      <\/div>\n                      <div class=\"read-more\">\n                         <a href=\"https:\/\/carefor.ca\/fr\/stories\/carling-day-program-has-become-a-second-family-for-both-participants-and-caregivers\/\" class=\"cta-with-arrow \" data-post-id=\"6784\">Lire L&rsquo;Article Complet<\/a>\n                      <\/div>\n                   <\/div>\n\n                <\/div>\n                <div class=\"image-wrapper\">\n                    <img loading=\"lazy\" decoding=\"async\" width=\"768\" height=\"423\" src=\"https:\/\/carefor.ca\/wp-content\/uploads\/2023\/07\/carling-day-program-has-become-a-second-family-for-both-participants-and-caregivers-image-13-768x423.png\" class=\"attachment-box-image size-box-image wp-post-image\" alt=\"\" srcset=\"https:\/\/carefor.ca\/wp-content\/uploads\/2023\/07\/carling-day-program-has-become-a-second-family-for-both-participants-and-caregivers-image-13-768x423.png 768w, https:\/\/carefor.ca\/wp-content\/uploads\/2023\/07\/carling-day-program-has-become-a-second-family-for-both-participants-and-caregivers-image-13-300x165.png 300w, https:\/\/carefor.ca\/wp-content\/uploads\/2023\/07\/carling-day-program-has-become-a-second-family-for-both-participants-and-caregivers-image-13-400x220.png 400w, https:\/\/carefor.ca\/wp-content\/uploads\/2023\/07\/carling-day-program-has-become-a-second-family-for-both-participants-and-caregivers-image-13.png 886w\" sizes=\"auto, (max-width: 768px) 100vw, 768px\" \/>                <\/div>\n            <\/div>\n                    <div class=\"blog-post-slide\">\n                <div class=\"post-info\">\n                   <div class=\"post-info-inner\">\n                      <div class=\"blog-title\">\n                                               <\/div>\n                      <div class=\"title\">\n                         <h4><a href=\"https:\/\/carefor.ca\/stories\/laughter-friendship-and-hope-at-carefor-lets-together-club\/\" class=\"\" data-post-id=\"1098\">Laughter, friendship, and hope at Carefor Let&rsquo;s Together Club<\/a><\/h4>\n                      <\/div>\n                      <div class=\"excerpt\">\n                         <p>It&rsquo;s estimated that 1 in 4 Canadian seniors are living with mental health. Carefor&rsquo;s unique local mental health support group, the Let&rsquo;s Get Together (LGT) Club, gives participants the\u00a0opportunity to [&hellip;]<\/p>\n                      <\/div>\n                      <div class=\"read-more\">\n                         <a href=\"https:\/\/carefor.ca\/stories\/laughter-friendship-and-hope-at-carefor-lets-together-club\/\" class=\"cta-with-arrow \" data-post-id=\"1098\">Lire L&rsquo;Article Complet<\/a>\n                      <\/div>\n                   <\/div>\n\n                <\/div>\n                <div class=\"image-wrapper\">\n                    <img loading=\"lazy\" decoding=\"async\" width=\"768\" height=\"512\" src=\"https:\/\/carefor.ca\/wp-content\/uploads\/2023\/07\/laughter-friendship-and-hope-at-carefor-lets-together-club-image-75-768x512.jpg\" class=\"attachment-box-image size-box-image wp-post-image\" alt=\"\" srcset=\"https:\/\/carefor.ca\/wp-content\/uploads\/2023\/07\/laughter-friendship-and-hope-at-carefor-lets-together-club-image-75-768x512.jpg 768w, https:\/\/carefor.ca\/wp-content\/uploads\/2023\/07\/laughter-friendship-and-hope-at-carefor-lets-together-club-image-75-300x200.jpg 300w, https:\/\/carefor.ca\/wp-content\/uploads\/2023\/07\/laughter-friendship-and-hope-at-carefor-lets-together-club-image-75-1024x683.jpg 1024w, https:\/\/carefor.ca\/wp-content\/uploads\/2023\/07\/laughter-friendship-and-hope-at-carefor-lets-together-club-image-75-1536x1024.jpg 1536w, https:\/\/carefor.ca\/wp-content\/uploads\/2023\/07\/laughter-friendship-and-hope-at-carefor-lets-together-club-image-75-2048x1365.jpg 2048w, https:\/\/carefor.ca\/wp-content\/uploads\/2023\/07\/laughter-friendship-and-hope-at-carefor-lets-together-club-image-75-2000x1333.jpg 2000w, https:\/\/carefor.ca\/wp-content\/uploads\/2023\/07\/laughter-friendship-and-hope-at-carefor-lets-together-club-image-75-400x267.jpg 400w\" sizes=\"auto, (max-width: 768px) 100vw, 768px\" \/>                <\/div>\n            <\/div>\n            <\/div>\n<\/div>\n\n\n<div class=\"reveal small\" id=\"impact-story-modal\" data-reveal>\n   <button class=\"close-button\" data-close aria-label=\"Close modal\" type=\"button\">\n      <span aria-hidden=\"true\">&times;<\/span>\n   <\/button>\n   <div class=\"modal-inner\">\n      <div class=\"video-container\">\n         <div class=\"video-title\"><h4><\/h4><\/div>\n         <div class=\"responsive-embed widescreen\"><\/div>\n      <\/div>\n   <\/div>\n<\/div>\n\n\n<div id=\"related-content-block_9641b8d99cb09604bb17208d590aea35\" class=\"related-content alignfull \">\n    <div class=\"row column\">\n                <div class=\"block-title\">\n            <h3>Ces r\u00e9cits pourraient aussi vous int\u00e9resser\u2026<\/h3>\n        <\/div>\n                <div class=\"content-wrapper related-content-slider\" data-equalizer data-equalize-on=\"medium\">\n                                <a class=\"content-item\" href=\"https:\/\/carefor.ca\/fr\/le-benevolat-un-passe-temps-productif-et-positif-pour-les-personnes-agees\/\">\n                        <div class=\"item-image\">\n                            <span class=\"pile-cta\">Blog<\/span>\n                            <img loading=\"lazy\" decoding=\"async\" width=\"768\" height=\"512\" src=\"https:\/\/carefor.ca\/wp-content\/uploads\/2023\/06\/Carefor_s-Guest-House-6-768x512.jpg\" class=\"attachment-box-image size-box-image wp-post-image\" alt=\"A Carefor team member sitting with an elderly woman on a couch. The team member is pulling the elderly woman into a hug.\" srcset=\"https:\/\/carefor.ca\/wp-content\/uploads\/2023\/06\/Carefor_s-Guest-House-6-768x512.jpg 768w, https:\/\/carefor.ca\/wp-content\/uploads\/2023\/06\/Carefor_s-Guest-House-6-300x200.jpg 300w, https:\/\/carefor.ca\/wp-content\/uploads\/2023\/06\/Carefor_s-Guest-House-6-1024x683.jpg 1024w, https:\/\/carefor.ca\/wp-content\/uploads\/2023\/06\/Carefor_s-Guest-House-6-1536x1024.jpg 1536w, https:\/\/carefor.ca\/wp-content\/uploads\/2023\/06\/Carefor_s-Guest-House-6-2048x1365.jpg 2048w, https:\/\/carefor.ca\/wp-content\/uploads\/2023\/06\/Carefor_s-Guest-House-6-2000x1333.jpg 2000w, https:\/\/carefor.ca\/wp-content\/uploads\/2023\/06\/Carefor_s-Guest-House-6-400x267.jpg 400w\" sizes=\"auto, (max-width: 768px) 100vw, 768px\" \/>                        <\/div>\n                        <div class=\"item-details\" data-equalizer-watch>\n                            <div class=\"date\">avril 13, 2023<\/div>\n                            <div class=\"title\"><h5>Le b\u00e9n\u00e9volat\u00a0: un passe-temps productif et positif pour les personnes \u00e2g\u00e9es<\/h5><\/div>\n                            <div class=\"excerpt\"><p>Le b\u00e9n\u00e9volat est une activit\u00e9 courante \u00e0 laquelle les a\u00een\u00e9s participeront \u00e0 mesure qu&rsquo;ils gagneront plus de temps libre apr\u00e8s la retraite. Le b\u00e9n\u00e9volat a le potentiel d&rsquo;am\u00e9liorer la sant\u00e9, [&hellip;]<\/p><\/div>\n                            <div class=\"read-more\">\n                                <span class=\"cta-with-arrow\">Lire L&rsquo;Article Complet<\/span>\n                            <\/div>\n                        <\/div>\n\n                    <\/a>\n                                    <a class=\"content-item\" href=\"https:\/\/carefor.ca\/fr\/embrasser-le-printemps-pour-un-mode-de-vie-plus-sain\/\">\n                        <div class=\"item-image\">\n                            <span class=\"pile-cta\">Blog<\/span>\n                            <img loading=\"lazy\" decoding=\"async\" width=\"768\" height=\"432\" src=\"https:\/\/carefor.ca\/wp-content\/uploads\/2023\/07\/spring-forward-into-healthy-living-graphic-78-768x432.jpg\" class=\"attachment-box-image size-box-image wp-post-image\" alt=\"\" srcset=\"https:\/\/carefor.ca\/wp-content\/uploads\/2023\/07\/spring-forward-into-healthy-living-graphic-78-768x432.jpg 768w, https:\/\/carefor.ca\/wp-content\/uploads\/2023\/07\/spring-forward-into-healthy-living-graphic-78-300x169.jpg 300w, https:\/\/carefor.ca\/wp-content\/uploads\/2023\/07\/spring-forward-into-healthy-living-graphic-78-1024x576.jpg 1024w, https:\/\/carefor.ca\/wp-content\/uploads\/2023\/07\/spring-forward-into-healthy-living-graphic-78-1536x864.jpg 1536w, https:\/\/carefor.ca\/wp-content\/uploads\/2023\/07\/spring-forward-into-healthy-living-graphic-78-400x225.jpg 400w, https:\/\/carefor.ca\/wp-content\/uploads\/2023\/07\/spring-forward-into-healthy-living-graphic-78.jpg 1920w\" sizes=\"auto, (max-width: 768px) 100vw, 768px\" \/>                        <\/div>\n                        <div class=\"item-details\" data-equalizer-watch>\n                            <div class=\"date\">mars 10, 2023<\/div>\n                            <div class=\"title\"><h5>Embrasser le printemps pour un mode de vie plus sain<\/h5><\/div>\n                            <div class=\"excerpt\"><p>Chez Carefor Health &amp; Community Services, nous avons la fi\u00e8vre printani\u00e8re et sommes ravis de vous apporter quelques astuces et recommandations pratiques pour une vie saine pour les personnes \u00e2g\u00e9es [&hellip;]<\/p><\/div>\n                            <div class=\"read-more\">\n                                <span class=\"cta-with-arrow\">Lire L&rsquo;Article Complet<\/span>\n                            <\/div>\n                        <\/div>\n\n                    <\/a>\n                                    <a class=\"content-item\" href=\"https:\/\/carefor.ca\/fr\/apres-la-pluie-le-beau-temps-les-avantages-du-jardinage-pour-les-personnes-agees\/\">\n                        <div class=\"item-image\">\n                            <span class=\"pile-cta\">Blog<\/span>\n                            <img loading=\"lazy\" decoding=\"async\" width=\"768\" height=\"768\" src=\"https:\/\/carefor.ca\/wp-content\/uploads\/2023\/07\/april-showers-bring-may-flowers-benefits-of-gardening-for-seniors-graphic-81-768x768.jpg\" class=\"attachment-box-image size-box-image wp-post-image\" alt=\"\" srcset=\"https:\/\/carefor.ca\/wp-content\/uploads\/2023\/07\/april-showers-bring-may-flowers-benefits-of-gardening-for-seniors-graphic-81-768x768.jpg 768w, https:\/\/carefor.ca\/wp-content\/uploads\/2023\/07\/april-showers-bring-may-flowers-benefits-of-gardening-for-seniors-graphic-81-300x300.jpg 300w, https:\/\/carefor.ca\/wp-content\/uploads\/2023\/07\/april-showers-bring-may-flowers-benefits-of-gardening-for-seniors-graphic-81-1024x1024.jpg 1024w, https:\/\/carefor.ca\/wp-content\/uploads\/2023\/07\/april-showers-bring-may-flowers-benefits-of-gardening-for-seniors-graphic-81-150x150.jpg 150w, https:\/\/carefor.ca\/wp-content\/uploads\/2023\/07\/april-showers-bring-may-flowers-benefits-of-gardening-for-seniors-graphic-81-400x400.jpg 400w, https:\/\/carefor.ca\/wp-content\/uploads\/2023\/07\/april-showers-bring-may-flowers-benefits-of-gardening-for-seniors-graphic-81.jpg 1080w\" sizes=\"auto, (max-width: 768px) 100vw, 768px\" \/>                        <\/div>\n                        <div class=\"item-details\" data-equalizer-watch>\n                            <div class=\"date\">avril 11, 2023<\/div>\n                            <div class=\"title\"><h5>Apr\u00e8s la pluie, le beau temps\u00a0: les avantages du jardinage pour les personnes \u00e2g\u00e9es<\/h5><\/div>\n                            <div class=\"excerpt\"><p>Bien que nous ne soyons peut-\u00eatre pas trop enthousiastes au sujet du temps pluvieux et humide d&rsquo;avril, il est important de garder \u00e0 l&rsquo;esprit \u00e0 quel point nos jardins sont [&hellip;]<\/p><\/div>\n                            <div class=\"read-more\">\n                                <span class=\"cta-with-arrow\">Lire L&rsquo;Article Complet<\/span>\n                            <\/div>\n                        <\/div>\n\n                    <\/a>\n                        <\/div>\n        <div class=\"cta-wrapper\">\n            <a href=\"https:\/\/carefor.ca\/about-healthy-aging\/\" class=\"cta\">Blogues et ressources<\/a>        <\/div>\n    <\/div>\n<\/div>\n","protected":false},"parent":0,"menu_order":0,"template":"","programs-type":[54],"programs-region":[57,58],"class_list":["post-5565","program","type-program","status-publish","hentry","programs-type-community-programs-fr","programs-region-comtes-de-lest","programs-region-ottawa-fr"],"acf":[],"yoast_head":"<!-- This site is optimized with the Yoast SEO Premium plugin v24.9 (Yoast SEO v27.4) - https:\/\/yoast.com\/product\/yoast-seo-premium-wordpress\/ -->\n<title>Programmes de jour pour adultes - Carefor<\/title>\n<meta name=\"robots\" content=\"index, follow, max-snippet:-1, max-image-preview:large, max-video-preview:-1\" \/>\n<link rel=\"canonical\" href=\"https:\/\/carefor.ca\/fr\/programs\/programmes-de-our-pour-adultes\/\" \/>\n<meta property=\"og:locale\" content=\"fr_FR\" \/>\n<meta property=\"og:type\" content=\"article\" \/>\n<meta property=\"og:title\" content=\"Programmes de jour pour adultes\" \/>\n<meta property=\"og:url\" content=\"https:\/\/carefor.ca\/fr\/programs\/programmes-de-our-pour-adultes\/\" \/>\n<meta property=\"og:site_name\" content=\"Carefor\" \/>\n<meta property=\"article:publisher\" content=\"https:\/\/www.facebook.com\/CareforHCS\" \/>\n<meta property=\"article:modified_time\" content=\"2024-02-09T21:00:17+00:00\" \/>\n<meta property=\"og:image\" content=\"https:\/\/carefor.ca\/wp-content\/uploads\/2024\/10\/AdobeStock_480689145cropsmall-scaled.jpeg\" \/>\n\t<meta property=\"og:image:width\" content=\"2560\" \/>\n\t<meta property=\"og:image:height\" content=\"1173\" \/>\n\t<meta property=\"og:image:type\" content=\"image\/jpeg\" \/>\n<meta name=\"twitter:card\" content=\"summary_large_image\" \/>\n<meta name=\"twitter:site\" content=\"@CareforHCS\" \/>\n<script type=\"application\/ld+json\" class=\"yoast-schema-graph\">{\"@context\":\"https:\\\/\\\/schema.org\",\"@graph\":[{\"@type\":\"WebPage\",\"@id\":\"https:\\\/\\\/carefor.ca\\\/fr\\\/programs\\\/programmes-de-our-pour-adultes\\\/\",\"url\":\"https:\\\/\\\/carefor.ca\\\/fr\\\/programs\\\/programmes-de-our-pour-adultes\\\/\",\"name\":\"Programmes de jour pour adultes - Carefor\",\"isPartOf\":{\"@id\":\"https:\\\/\\\/carefor.ca\\\/fr\\\/#website\"},\"datePublished\":\"2023-06-21T22:23:59+00:00\",\"dateModified\":\"2024-02-09T21:00:17+00:00\",\"breadcrumb\":{\"@id\":\"https:\\\/\\\/carefor.ca\\\/fr\\\/programs\\\/programmes-de-our-pour-adultes\\\/#breadcrumb\"},\"inLanguage\":\"fr-FR\",\"potentialAction\":[{\"@type\":\"ReadAction\",\"target\":[\"https:\\\/\\\/carefor.ca\\\/fr\\\/programs\\\/programmes-de-our-pour-adultes\\\/\"]}]},{\"@type\":\"BreadcrumbList\",\"@id\":\"https:\\\/\\\/carefor.ca\\\/fr\\\/programs\\\/programmes-de-our-pour-adultes\\\/#breadcrumb\",\"itemListElement\":[{\"@type\":\"ListItem\",\"position\":1,\"name\":\"Home\",\"item\":\"https:\\\/\\\/carefor.ca\\\/fr\\\/\"},{\"@type\":\"ListItem\",\"position\":2,\"name\":\"Programmes de jour pour adultes\"}]},{\"@type\":\"WebSite\",\"@id\":\"https:\\\/\\\/carefor.ca\\\/fr\\\/#website\",\"url\":\"https:\\\/\\\/carefor.ca\\\/fr\\\/\",\"name\":\"Carefor\",\"description\":\"High Quality Homecare\",\"publisher\":{\"@id\":\"https:\\\/\\\/carefor.ca\\\/fr\\\/#organization\"},\"potentialAction\":[{\"@type\":\"SearchAction\",\"target\":{\"@type\":\"EntryPoint\",\"urlTemplate\":\"https:\\\/\\\/carefor.ca\\\/fr\\\/?s={search_term_string}\"},\"query-input\":{\"@type\":\"PropertyValueSpecification\",\"valueRequired\":true,\"valueName\":\"search_term_string\"}}],\"inLanguage\":\"fr-FR\"},{\"@type\":\"Organization\",\"@id\":\"https:\\\/\\\/carefor.ca\\\/fr\\\/#organization\",\"name\":\"Carefor Health and Community Services\",\"url\":\"https:\\\/\\\/carefor.ca\\\/fr\\\/\",\"logo\":{\"@type\":\"ImageObject\",\"inLanguage\":\"fr-FR\",\"@id\":\"https:\\\/\\\/carefor.ca\\\/fr\\\/#\\\/schema\\\/logo\\\/image\\\/\",\"url\":\"\",\"contentUrl\":\"\",\"caption\":\"Carefor Health and Community Services\"},\"image\":{\"@id\":\"https:\\\/\\\/carefor.ca\\\/fr\\\/#\\\/schema\\\/logo\\\/image\\\/\"},\"sameAs\":[\"https:\\\/\\\/www.facebook.com\\\/CareforHCS\",\"https:\\\/\\\/x.com\\\/CareforHCS\",\"https:\\\/\\\/www.linkedin.com\\\/company\\\/carefor-health-and-community-services\\\/\"],\"description\":\"205 Amelia Street, Suite 100 Cornwall, ON K6H 3P3\",\"email\":\"infoeasterncounties@carefor.ca\",\"telephone\":\"613-932-3451\"}]}<\/script>\n<!-- \/ Yoast SEO Premium plugin. -->","yoast_head_json":{"title":"Programmes de jour pour adultes - Carefor","robots":{"index":"index","follow":"follow","max-snippet":"max-snippet:-1","max-image-preview":"max-image-preview:large","max-video-preview":"max-video-preview:-1"},"canonical":"https:\/\/carefor.ca\/fr\/programs\/programmes-de-our-pour-adultes\/","og_locale":"fr_FR","og_type":"article","og_title":"Programmes de jour pour adultes","og_url":"https:\/\/carefor.ca\/fr\/programs\/programmes-de-our-pour-adultes\/","og_site_name":"Carefor","article_publisher":"https:\/\/www.facebook.com\/CareforHCS","article_modified_time":"2024-02-09T21:00:17+00:00","og_image":[{"width":2560,"height":1173,"url":"https:\/\/carefor.ca\/wp-content\/uploads\/2024\/10\/AdobeStock_480689145cropsmall-scaled.jpeg","type":"image\/jpeg"}],"twitter_card":"summary_large_image","twitter_site":"@CareforHCS","schema":{"@context":"https:\/\/schema.org","@graph":[{"@type":"WebPage","@id":"https:\/\/carefor.ca\/fr\/programs\/programmes-de-our-pour-adultes\/","url":"https:\/\/carefor.ca\/fr\/programs\/programmes-de-our-pour-adultes\/","name":"Programmes de jour pour adultes - Carefor","isPartOf":{"@id":"https:\/\/carefor.ca\/fr\/#website"},"datePublished":"2023-06-21T22:23:59+00:00","dateModified":"2024-02-09T21:00:17+00:00","breadcrumb":{"@id":"https:\/\/carefor.ca\/fr\/programs\/programmes-de-our-pour-adultes\/#breadcrumb"},"inLanguage":"fr-FR","potentialAction":[{"@type":"ReadAction","target":["https:\/\/carefor.ca\/fr\/programs\/programmes-de-our-pour-adultes\/"]}]},{"@type":"BreadcrumbList","@id":"https:\/\/carefor.ca\/fr\/programs\/programmes-de-our-pour-adultes\/#breadcrumb","itemListElement":[{"@type":"ListItem","position":1,"name":"Home","item":"https:\/\/carefor.ca\/fr\/"},{"@type":"ListItem","position":2,"name":"Programmes de jour pour adultes"}]},{"@type":"WebSite","@id":"https:\/\/carefor.ca\/fr\/#website","url":"https:\/\/carefor.ca\/fr\/","name":"Carefor","description":"High Quality Homecare","publisher":{"@id":"https:\/\/carefor.ca\/fr\/#organization"},"potentialAction":[{"@type":"SearchAction","target":{"@type":"EntryPoint","urlTemplate":"https:\/\/carefor.ca\/fr\/?s={search_term_string}"},"query-input":{"@type":"PropertyValueSpecification","valueRequired":true,"valueName":"search_term_string"}}],"inLanguage":"fr-FR"},{"@type":"Organization","@id":"https:\/\/carefor.ca\/fr\/#organization","name":"Carefor Health and Community Services","url":"https:\/\/carefor.ca\/fr\/","logo":{"@type":"ImageObject","inLanguage":"fr-FR","@id":"https:\/\/carefor.ca\/fr\/#\/schema\/logo\/image\/","url":"","contentUrl":"","caption":"Carefor Health and Community Services"},"image":{"@id":"https:\/\/carefor.ca\/fr\/#\/schema\/logo\/image\/"},"sameAs":["https:\/\/www.facebook.com\/CareforHCS","https:\/\/x.com\/CareforHCS","https:\/\/www.linkedin.com\/company\/carefor-health-and-community-services\/"],"description":"205 Amelia Street, Suite 100 Cornwall, ON K6H 3P3","email":"infoeasterncounties@carefor.ca","telephone":"613-932-3451"}]}},"icon":"<img width=\"27\" height=\"44\" src=\"https:\/\/carefor.ca\/wp-content\/uploads\/2023\/06\/respite.svg\" class=\"attachment-logo-image size-logo-image\" alt=\"\" decoding=\"async\" loading=\"lazy\" \/>","icon_style":"","_links":{"self":[{"href":"https:\/\/carefor.ca\/fr\/wp-json\/wp\/v2\/program\/5565","targetHints":{"allow":["GET"]}}],"collection":[{"href":"https:\/\/carefor.ca\/fr\/wp-json\/wp\/v2\/program"}],"about":[{"href":"https:\/\/carefor.ca\/fr\/wp-json\/wp\/v2\/types\/program"}],"wp:attachment":[{"href":"https:\/\/carefor.ca\/fr\/wp-json\/wp\/v2\/media?parent=5565"}],"wp:term":[{"taxonomy":"programs-type","embeddable":true,"href":"https:\/\/carefor.ca\/fr\/wp-json\/wp\/v2\/programs-type?post=5565"},{"taxonomy":"programs-region","embeddable":true,"href":"https:\/\/carefor.ca\/fr\/wp-json\/wp\/v2\/programs-region?post=5565"}],"curies":[{"name":"wp","href":"https:\/\/api.w.org\/{rel}","templated":true}]}}