{"id":5532,"date":"2023-06-21T18:38:28","date_gmt":"2023-06-21T22:38:28","guid":{"rendered":"https:\/\/carefor.ca\/programs\/senior-support-centres\/"},"modified":"2023-11-21T12:33:03","modified_gmt":"2023-11-21T17:33:03","slug":"centres-de-soutien-aux-personnes-agees-comtes-de-lest","status":"publish","type":"program","link":"https:\/\/carefor.ca\/fr\/programs\/centres-de-soutien-aux-personnes-agees-comtes-de-lest\/","title":{"rendered":"Centres de soutien aux personnes \u00e2g\u00e9es \u2013 Comt\u00e9s de l\u2019Est"},"content":{"rendered":"<div id=\"service-intro-block_b871fc7a7e4d1b145ff3a50e51f8bf42\" class=\"service-intro alignfull community light\">\n\t<div class=\"service-intro-wrapper\">\n\t\t<div class=\"service-intro-image\">\n\t\t\t<div class=\"breadcrumbs show-for-small-only\"><span><span><a href=\"https:\/\/carefor.ca\/fr\/\">Home<\/a><\/span><\/span><\/div>\t\t\t\t\t\t\t<img loading=\"lazy\" decoding=\"async\" width=\"768\" height=\"576\" src=\"https:\/\/carefor.ca\/wp-content\/uploads\/2023\/06\/Value-of-Volunteering-768x576.jpg\" class=\"attachment-box-image size-box-image\" alt=\"A group of elderly people sitting at a table. The focus is on a Carefor team member pouring coffee for an elderly man\" srcset=\"https:\/\/carefor.ca\/wp-content\/uploads\/2023\/06\/Value-of-Volunteering-768x576.jpg 768w, https:\/\/carefor.ca\/wp-content\/uploads\/2023\/06\/Value-of-Volunteering-300x225.jpg 300w, https:\/\/carefor.ca\/wp-content\/uploads\/2023\/06\/Value-of-Volunteering-1024x768.jpg 1024w, https:\/\/carefor.ca\/wp-content\/uploads\/2023\/06\/Value-of-Volunteering-1536x1152.jpg 1536w, https:\/\/carefor.ca\/wp-content\/uploads\/2023\/06\/Value-of-Volunteering-2000x1500.jpg 2000w, https:\/\/carefor.ca\/wp-content\/uploads\/2023\/06\/Value-of-Volunteering-400x300.jpg 400w, https:\/\/carefor.ca\/wp-content\/uploads\/2023\/06\/Value-of-Volunteering.jpg 2016w\" sizes=\"auto, (max-width: 768px) 100vw, 768px\" \/>\t\t\t\t\t<\/div>\n\t\t<div class=\"service-intro-content\">\n\t\t\t<div class=\"service-intro-content-inner\">\n\t\t\t\t<div class=\"breadcrumbs hide-for-small-only\"><span><span><a href=\"https:\/\/carefor.ca\/fr\/\">Home<\/a><\/span><\/span><\/div>\n\t\t\t\t\t\t\t\t\t<div class=\"service-icon\">\n\t\t\t\t\t\t<img loading=\"lazy\" decoding=\"async\" width=\"44\" height=\"44\" src=\"https:\/\/carefor.ca\/wp-content\/uploads\/2023\/06\/senior-support.svg\" class=\"attachment-logo-image size-logo-image\" alt=\"\" \/>\t\t\t\t\t<\/div>\n\t\t\t\t\t\t\t\t\t\t\t\t\t<div class=\"block-details\">\n\t\t\t\t\t\t<h2>Centres de soutien aux personnes \u00e2g\u00e9es \u2013 Comt\u00e9s de l\u2019Est<\/h2>\n<h5>Notre approche holistique vous donne la possibilit\u00e9 de vivre pleinement votre vie.<\/h5>\n<p>Les cinq centres de soutien de Carefor am\u00e9liorent la vie des personnes \u00e2g\u00e9es et de leurs proches aidants en offrant une vaste gamme de services de proximit\u00e9 dans les comt\u00e9s de l\u2019Est. Notre personnel d\u00e9vou\u00e9 et professionnel est l\u00e0 pour aider les gens dans les moments difficiles et pour b\u00e2tir des communaut\u00e9s plus saines et plus heureuses.<\/p>\n\t\t\t\t\t<\/div>\n\t\t\t\t\t\t\t<\/div>\n\t\t<\/div>\n\t<\/div>\n<\/div>\n\n\n<div id=\"program-features-block_0575a8754af68a6d816ccd95890d7b93\" class=\"program-features alignfull \">\n        <div class=\"features-wrapper\">\n        <div class=\"row column\">\n                        <div class=\"features\">\n                                    <div class=\"feature\">\n                        <div class=\"feature-image\">\n                            <img loading=\"lazy\" decoding=\"async\" width=\"433\" height=\"325\" src=\"https:\/\/carefor.ca\/wp-content\/uploads\/2023\/06\/image25.jpg\" class=\"attachment-box-image size-box-image\" alt=\"A picture of the Nor-Dun Support center\" srcset=\"https:\/\/carefor.ca\/wp-content\/uploads\/2023\/06\/image25.jpg 433w, https:\/\/carefor.ca\/wp-content\/uploads\/2023\/06\/image25-300x225.jpg 300w, https:\/\/carefor.ca\/wp-content\/uploads\/2023\/06\/image25-400x300.jpg 400w\" sizes=\"auto, (max-width: 433px) 100vw, 433px\" \/>                        <\/div>\n                                                <div class=\"feature-title\">\n                            <h4><a href=\"https:\/\/carefor.ca\/fr\/centre-de-soutien-nor-dun\/\" target=\"_blank\">Centre de soutien Nor-Dun<\/a>                            <\/h4>\n                        <\/div>\n                                                                        <div class=\"feature-description\">\n                            <p>Le Centre de soutien Nor-Dun est un carrefour d\u2019activit\u00e9s pour les personnes \u00e2g\u00e9es et les proches aidants du canton de North Dundas.<\/p>\n                        <\/div>\n                                                                        <div class=\"item-cta\">\n                            <a href=\"https:\/\/carefor.ca\/fr\/centre-de-soutien-nor-dun\/\" target=\"_blank\" class=\"cta-with-arrow\">En savoir plus <\/a>                        <\/div>\n                                            <\/div>\n                                    <div class=\"feature\">\n                        <div class=\"feature-image\">\n                            <img loading=\"lazy\" decoding=\"async\" width=\"435\" height=\"326\" src=\"https:\/\/carefor.ca\/wp-content\/uploads\/2023\/06\/image27.jpg\" class=\"attachment-box-image size-box-image\" alt=\"A picture\" srcset=\"https:\/\/carefor.ca\/wp-content\/uploads\/2023\/06\/image27.jpg 435w, https:\/\/carefor.ca\/wp-content\/uploads\/2023\/06\/image27-300x225.jpg 300w, https:\/\/carefor.ca\/wp-content\/uploads\/2023\/06\/image27-400x300.jpg 400w\" sizes=\"auto, (max-width: 435px) 100vw, 435px\" \/>                        <\/div>\n                                                <div class=\"feature-title\">\n                            <h4><a href=\"https:\/\/carefor.ca\/fr\/centre-de-soutien-north-stor\/\" target=\"_blank\">Centre de soutien North-Stor<\/a>                            <\/h4>\n                        <\/div>\n                                                                        <div class=\"feature-description\">\n                            <p>Le Centre de soutien North-Stor situ\u00e9 \u00e0 Finch accueille le programme de jour pour adultes de Carefor dans les comt\u00e9s de l\u2019Est et sert les personnes \u00e2g\u00e9es et les proches aidants du canton de North Stormont.<\/p>\n                        <\/div>\n                                                                        <div class=\"item-cta\">\n                            <a href=\"https:\/\/carefor.ca\/fr\/centre-de-soutien-north-stor\/\" target=\"_blank\" class=\"cta-with-arrow\">En savoir plus<\/a>                        <\/div>\n                                            <\/div>\n                                    <div class=\"feature\">\n                        <div class=\"feature-image\">\n                            <img loading=\"lazy\" decoding=\"async\" width=\"447\" height=\"335\" src=\"https:\/\/carefor.ca\/wp-content\/uploads\/2023\/06\/image26.jpg\" class=\"attachment-box-image size-box-image\" alt=\"A picture of the South-Storemont Support Center, taken from the front yard.\" srcset=\"https:\/\/carefor.ca\/wp-content\/uploads\/2023\/06\/image26.jpg 447w, https:\/\/carefor.ca\/wp-content\/uploads\/2023\/06\/image26-300x225.jpg 300w, https:\/\/carefor.ca\/wp-content\/uploads\/2023\/06\/image26-400x300.jpg 400w\" sizes=\"auto, (max-width: 447px) 100vw, 447px\" \/>                        <\/div>\n                                                <div class=\"feature-title\">\n                            <h4><a href=\"https:\/\/carefor.ca\/fr\/centre-de-soutien-aux-personnes-agees-de-south-stormont\/\" target=\"_blank\">Centre de soutien de South Stormont<\/a>                            <\/h4>\n                        <\/div>\n                                                                        <div class=\"feature-description\">\n                            <p>Situ\u00e9 \u00e0 Ingleside, le long du fleuve Saint-Laurent, le Centre de soutien de South Stormont offre aux personnes \u00e2g\u00e9es la libert\u00e9 de vivre une vie saine et active gr\u00e2ce \u00e0 son extraordinaire programme de conditionnement physique.<\/p>\n                        <\/div>\n                                                                        <div class=\"item-cta\">\n                            <a href=\"https:\/\/carefor.ca\/fr\/centre-de-soutien-aux-personnes-agees-de-south-stormont\/\" target=\"_blank\" class=\"cta-with-arrow\">En savoir plus<\/a>                        <\/div>\n                                            <\/div>\n                                    <div class=\"feature\">\n                        <div class=\"feature-image\">\n                            <img loading=\"lazy\" decoding=\"async\" width=\"486\" height=\"365\" src=\"https:\/\/carefor.ca\/wp-content\/uploads\/2023\/06\/image29.jpg\" class=\"attachment-box-image size-box-image\" alt=\"A picture of the\" srcset=\"https:\/\/carefor.ca\/wp-content\/uploads\/2023\/06\/image29.jpg 486w, https:\/\/carefor.ca\/wp-content\/uploads\/2023\/06\/image29-300x225.jpg 300w, https:\/\/carefor.ca\/wp-content\/uploads\/2023\/06\/image29-400x300.jpg 400w\" sizes=\"auto, (max-width: 486px) 100vw, 486px\" \/>                        <\/div>\n                                                <div class=\"feature-title\">\n                            <h4><a href=\"https:\/\/carefor.ca\/fr\/centre-de-soutien-lan-char\/\" target=\"_blank\">Centre de soutien Lan-Char<\/a>                            <\/h4>\n                        <\/div>\n                                                                        <div class=\"feature-description\">\n                            <p>Vous ressentirez un fort sentiment d\u2019appartenance au Centre de soutien Lan-Char, \u00e0 Lancaster, qui sert les personnes \u00e2g\u00e9es et les proches aidants du canton de South Glengarry.<\/p>\n                        <\/div>\n                                                                        <div class=\"item-cta\">\n                            <a href=\"https:\/\/carefor.ca\/fr\/centre-de-soutien-lan-char\/\" target=\"_blank\" class=\"cta-with-arrow\">En savoir plus<\/a>                        <\/div>\n                                            <\/div>\n                                    <div class=\"feature\">\n                        <div class=\"feature-image\">\n                            <img loading=\"lazy\" decoding=\"async\" width=\"490\" height=\"367\" src=\"https:\/\/carefor.ca\/wp-content\/uploads\/2023\/06\/image28.jpg\" class=\"attachment-box-image size-box-image\" alt=\"A picture of the Rendez-Vous Support Centre, taken from the street.\" srcset=\"https:\/\/carefor.ca\/wp-content\/uploads\/2023\/06\/image28.jpg 490w, https:\/\/carefor.ca\/wp-content\/uploads\/2023\/06\/image28-300x225.jpg 300w, https:\/\/carefor.ca\/wp-content\/uploads\/2023\/06\/image28-400x300.jpg 400w\" sizes=\"auto, (max-width: 490px) 100vw, 490px\" \/>                        <\/div>\n                                                <div class=\"feature-title\">\n                            <h4><a href=\"https:\/\/carefor.ca\/fr\/centre-de-soutien-rendez-vous\/\" target=\"_blank\">Centre de soutien Rendez-vous<\/a>                            <\/h4>\n                        <\/div>\n                                                                        <div class=\"feature-description\">\n                            <p>Venez nouer de nouvelles amiti\u00e9s avec des personnes int\u00e9ressantes et amusantes au Centre de soutien Rendez-Vous de Carefor \u00e0 Alexandria, qui sert les personnes \u00e2g\u00e9es et les proches aidants du canton de North Glengarry.<\/p>\n                        <\/div>\n                                                                        <div class=\"item-cta\">\n                            <a href=\"https:\/\/carefor.ca\/fr\/centre-de-soutien-rendez-vous\/\" target=\"_blank\" class=\"cta-with-arrow\">En savoir plus<\/a>                        <\/div>\n                                            <\/div>\n                            <\/div>\n        <\/div>\n    <\/div>\n    <\/div>\n\n\n<div id=\"selected-programs-block_da1c52f49428f580ad035e3789263815\" class=\"region-programs selected-programs alignfull \">\n    <div class=\"row column\">\n              <div class=\"block-title\">\n          <h3>Programmes et services dans les comt\u00e9s de l\u2019Est<\/h3>\n       <\/div>\n       \n\n              <div class=\"programs\">\n                 <a href=\"https:\/\/carefor.ca\/fr\/programs\/services-de-transport\/\" class=\"program\">\n             <div class=\"program-icon\">\n                <img loading=\"lazy\" decoding=\"async\" width=\"50\" height=\"35\" src=\"https:\/\/carefor.ca\/wp-content\/uploads\/2023\/06\/transportation-4.svg\" class=\"attachment-logo-image size-logo-image\" alt=\"\" \/>             <\/div>\n             Services de transport          <\/a>\n                    <a href=\"https:\/\/carefor.ca\/fr\/programs\/livraison-de-repas\/\" class=\"program\">\n             <div class=\"program-icon\">\n                <img loading=\"lazy\" decoding=\"async\" width=\"40\" height=\"40\" src=\"https:\/\/carefor.ca\/wp-content\/uploads\/2023\/06\/meal-delivery.svg\" class=\"attachment-logo-image size-logo-image\" alt=\"\" \/>             <\/div>\n             Livraison de repas          <\/a>\n                    <a href=\"https:\/\/carefor.ca\/fr\/programs\/programmes-de-our-pour-adultes\/\" class=\"program\">\n             <div class=\"program-icon\">\n                <img loading=\"lazy\" decoding=\"async\" width=\"27\" height=\"44\" src=\"https:\/\/carefor.ca\/wp-content\/uploads\/2023\/06\/respite.svg\" class=\"attachment-logo-image size-logo-image\" alt=\"\" \/>             <\/div>\n             Programmes de jour pour adultes          <\/a>\n                    <a href=\"https:\/\/carefor.ca\/fr\/?post_type=program&#038;p=5603\" class=\"program\">\n             <div class=\"program-icon\">\n                <img loading=\"lazy\" decoding=\"async\" width=\"50\" height=\"49\" src=\"https:\/\/carefor.ca\/wp-content\/uploads\/2023\/06\/foot-care.svg\" class=\"attachment-logo-image size-logo-image\" alt=\"\" \/>             <\/div>\n             Priv\u00e9\u00a0: Soin des pieds          <\/a>\n                    <a href=\"https:\/\/carefor.ca\/fr\/programs\/programme-retour-a-la-maison\/\" class=\"program\">\n             <div class=\"program-icon\">\n                <img loading=\"lazy\" decoding=\"async\" width=\"44\" height=\"44\" src=\"https:\/\/carefor.ca\/wp-content\/uploads\/2023\/06\/going-home.svg\" class=\"attachment-logo-image size-logo-image\" alt=\"\" \/>             <\/div>\n             Programme Retour \u00e0 la maison          <\/a>\n                    <a href=\"https:\/\/carefor.ca\/fr\/programs\/programme-de-prevention-de-la-maltraitance-des-personnes-agees\/\" class=\"program\">\n             <div class=\"program-icon\">\n                <img loading=\"lazy\" decoding=\"async\" width=\"45\" height=\"45\" src=\"https:\/\/carefor.ca\/wp-content\/uploads\/2023\/06\/elder-abuse-1.svg\" class=\"attachment-logo-image size-logo-image\" alt=\"\" \/>             <\/div>\n             Programme de pr\u00e9vention de la maltraitance des personnes \u00e2g\u00e9es          <\/a>\n                    <a href=\"https:\/\/carefor.ca\/fr\/programs\/intervention-et-assistance-en-cas-de-crise\/\" class=\"program\">\n             <div class=\"program-icon\">\n                <img loading=\"lazy\" decoding=\"async\" width=\"47\" height=\"45\" src=\"https:\/\/carefor.ca\/wp-content\/uploads\/2023\/06\/client-intervention.svg\" class=\"attachment-logo-image size-logo-image\" alt=\"\" \/>             <\/div>\n             Intervention et assistance en cas de crise          <\/a>\n                    <a href=\"https:\/\/carefor.ca\/fr\/programs\/club-de-repas-collectifs\/\" class=\"program\">\n             <div class=\"program-icon\">\n                <img loading=\"lazy\" decoding=\"async\" width=\"57\" height=\"49\" src=\"https:\/\/carefor.ca\/wp-content\/uploads\/2023\/06\/congregate-1.svg\" class=\"attachment-logo-image size-logo-image\" alt=\"\" \/>             <\/div>\n             Club de repas collectifs          <\/a>\n                    <a href=\"https:\/\/carefor.ca\/fr\/?post_type=program&#038;p=5601\" class=\"program\">\n             <div class=\"program-icon\">\n                <img loading=\"lazy\" decoding=\"async\" width=\"23\" height=\"50\" src=\"https:\/\/carefor.ca\/wp-content\/uploads\/2023\/06\/exercise.svg\" class=\"attachment-logo-image size-logo-image\" alt=\"\" \/>             <\/div>\n             Priv\u00e9\u00a0: Exercices \u00e0 domicile          <\/a>\n                    <a href=\"https:\/\/carefor.ca\/fr\/programs\/seances-dexercice\/\" class=\"program\">\n             <div class=\"program-icon\">\n                <img loading=\"lazy\" decoding=\"async\" width=\"23\" height=\"50\" src=\"https:\/\/carefor.ca\/wp-content\/uploads\/2023\/06\/exercise-classes.svg\" class=\"attachment-logo-image size-logo-image\" alt=\"\" \/>             <\/div>\n             S\u00e9ances d\u2019exercice          <\/a>\n                    <a href=\"https:\/\/carefor.ca\/fr\/programs\/visites-amicales\/\" class=\"program\">\n             <div class=\"program-icon\">\n                <img loading=\"lazy\" decoding=\"async\" width=\"45\" height=\"41\" src=\"https:\/\/carefor.ca\/wp-content\/uploads\/2023\/06\/friendly-visiting.svg\" class=\"attachment-logo-image size-logo-image\" alt=\"\" \/>             <\/div>\n             Visites amicales          <\/a>\n                    <a href=\"https:\/\/carefor.ca\/fr\/programs\/activites-sociales-et-recreatives\/\" class=\"program\">\n             <div class=\"program-icon\">\n                <img loading=\"lazy\" decoding=\"async\" width=\"51\" height=\"55\" src=\"https:\/\/carefor.ca\/wp-content\/uploads\/2023\/06\/social-recreational.svg\" class=\"attachment-logo-image size-logo-image\" alt=\"\" \/>             <\/div>\n             Activit\u00e9s sociales et r\u00e9cr\u00e9atives          <\/a>\n                    <a href=\"https:\/\/carefor.ca\/programs\/adult-day-programs\/finch-adult-day-program\/\" class=\"program\">\n             <div class=\"program-icon\">\n                <img loading=\"lazy\" decoding=\"async\" width=\"27\" height=\"44\" src=\"https:\/\/carefor.ca\/wp-content\/uploads\/2023\/06\/respite.svg\" class=\"attachment-logo-image size-logo-image\" alt=\"\" \/>             <\/div>\n             Finch Adult Day Program          <\/a>\n                    <a href=\"https:\/\/carefor.ca\/fr\/programs\/centres-de-soutien-aux-personnes-agees-comtes-de-lest\/cliniques-de-soins-des-pieds\/\" class=\"program\">\n             <div class=\"program-icon\">\n                <img loading=\"lazy\" decoding=\"async\" width=\"50\" height=\"49\" src=\"https:\/\/carefor.ca\/wp-content\/uploads\/2023\/06\/foot-care.svg\" class=\"attachment-logo-image size-logo-image\" alt=\"\" \/>             <\/div>\n             Cliniques de soins des pieds          <\/a>\n                 <\/div>\n           <\/div>\n<\/div>\n\n\n<div id=\"quotes-slider-block_9d06bc382ef1d27d66a0060e8bf6a028\" class=\"quotes-slider alignfull  show-swoosh\">\n        <div class=\"row\">\n        <div class=\"medium-10 medium-offset-2 column\">\n            <div class=\"quotes-slides-wrapper \">\n                                    <div class=\"single-quote\">\n                        <div class=\"quote\">\n                            <p><strong>\u00c7a me donne un r\u00e9pit, mais \u00e7a me donne aussi la merveilleuse satisfaction de savoir que Johnny a son propre groupe d\u2019amis, qu\u2019il fait de l\u2019exercice et qu\u2019il mange un bon repas au programme de jour pour adultes. \u00c0 la fin de la journ\u00e9e, il a plein de choses \u00e0 raconter. \u00bb<\/strong><\/p>\n                        <\/div>\n                        <div class=\"author\">\n                            Gail, \u00e9pouse et proche aidante de Johnny                        <\/div>\n                    <\/div>\n                            <\/div>\n        <\/div>\n    <\/div>\n    <\/div>\n\n\n<div id=\"impact-stories-block_fba4626f95fba11356d6f158a708eb7a\" class=\"impact-stories alignfull \">\n    <div class=\"stories-slides\" >\n                <div class=\"blog-post-slide\">\n                <div class=\"post-info\">\n                   <div class=\"post-info-inner\">\n                      <div class=\"blog-title\">\n                                               <\/div>\n                      <div class=\"title\">\n                         <h4><a href=\"https:\/\/carefor.ca\/fr\/stories\/the-value-of-volunteering\/\" class=\"\" data-post-id=\"5826\">La Valeur du B\u00e9n\u00e9volat<\/a><\/h4>\n                      <\/div>\n                      <div class=\"excerpt\">\n                         <p>Seniors and volunteers are at the heart of what Carefor Nor-Dun is to the North Dundas community. The folks who visit and volunteer at the centre really are what makes [&hellip;]<\/p>\n                      <\/div>\n                      <div class=\"read-more\">\n                         <a href=\"https:\/\/carefor.ca\/fr\/stories\/the-value-of-volunteering\/\" class=\"cta-with-arrow \" data-post-id=\"5826\">Lire L&rsquo;Article Complet<\/a>\n                      <\/div>\n                   <\/div>\n\n                <\/div>\n                <div class=\"image-wrapper\">\n                    <img loading=\"lazy\" decoding=\"async\" width=\"768\" height=\"576\" src=\"https:\/\/carefor.ca\/wp-content\/uploads\/2023\/07\/the-value-of-volunteering-image-115-768x576.jpg\" class=\"attachment-box-image size-box-image wp-post-image\" alt=\"A woman pouring coffee for an elderly man sitting at a table.\" srcset=\"https:\/\/carefor.ca\/wp-content\/uploads\/2023\/07\/the-value-of-volunteering-image-115-768x576.jpg 768w, https:\/\/carefor.ca\/wp-content\/uploads\/2023\/07\/the-value-of-volunteering-image-115-300x225.jpg 300w, https:\/\/carefor.ca\/wp-content\/uploads\/2023\/07\/the-value-of-volunteering-image-115-1024x768.jpg 1024w, https:\/\/carefor.ca\/wp-content\/uploads\/2023\/07\/the-value-of-volunteering-image-115-1536x1152.jpg 1536w, https:\/\/carefor.ca\/wp-content\/uploads\/2023\/07\/the-value-of-volunteering-image-115-2000x1500.jpg 2000w, https:\/\/carefor.ca\/wp-content\/uploads\/2023\/07\/the-value-of-volunteering-image-115-400x300.jpg 400w, https:\/\/carefor.ca\/wp-content\/uploads\/2023\/07\/the-value-of-volunteering-image-115.jpg 2016w\" sizes=\"auto, (max-width: 768px) 100vw, 768px\" \/>                <\/div>\n            <\/div>\n            <\/div>\n<\/div>\n\n\n<div class=\"reveal small\" id=\"impact-story-modal\" data-reveal>\n   <button class=\"close-button\" data-close aria-label=\"Close modal\" type=\"button\">\n      <span aria-hidden=\"true\">&times;<\/span>\n   <\/button>\n   <div class=\"modal-inner\">\n      <div class=\"video-container\">\n         <div class=\"video-title\"><h4><\/h4><\/div>\n         <div class=\"responsive-embed widescreen\"><\/div>\n      <\/div>\n   <\/div>\n<\/div>\n","protected":false},"parent":0,"menu_order":0,"template":"","programs-type":[54],"programs-region":[57],"class_list":["post-5532","program","type-program","status-publish","hentry","programs-type-community-programs-fr","programs-region-comtes-de-lest"],"acf":[],"yoast_head":"<!-- This site is optimized with the Yoast SEO Premium plugin v24.9 (Yoast SEO v27.4) - https:\/\/yoast.com\/product\/yoast-seo-premium-wordpress\/ -->\n<title>Centres de soutien aux personnes \u00e2g\u00e9es \u2013 Comt\u00e9s de l\u2019Est - Carefor<\/title>\n<meta name=\"robots\" content=\"index, follow, max-snippet:-1, max-image-preview:large, max-video-preview:-1\" \/>\n<link rel=\"canonical\" href=\"https:\/\/carefor.ca\/fr\/programs\/centres-de-soutien-aux-personnes-agees-comtes-de-lest\/\" \/>\n<meta property=\"og:locale\" content=\"fr_FR\" \/>\n<meta property=\"og:type\" content=\"article\" \/>\n<meta property=\"og:title\" content=\"Centres de soutien aux personnes \u00e2g\u00e9es \u2013 Comt\u00e9s de l\u2019Est\" \/>\n<meta property=\"og:url\" content=\"https:\/\/carefor.ca\/fr\/programs\/centres-de-soutien-aux-personnes-agees-comtes-de-lest\/\" \/>\n<meta property=\"og:site_name\" content=\"Carefor\" \/>\n<meta property=\"article:publisher\" content=\"https:\/\/www.facebook.com\/CareforHCS\" \/>\n<meta property=\"article:modified_time\" content=\"2023-11-21T17:33:03+00:00\" \/>\n<meta property=\"og:image\" content=\"https:\/\/carefor.ca\/wp-content\/uploads\/2024\/10\/AdobeStock_480689145cropsmall-scaled.jpeg\" \/>\n\t<meta property=\"og:image:width\" content=\"2560\" \/>\n\t<meta property=\"og:image:height\" content=\"1173\" \/>\n\t<meta property=\"og:image:type\" content=\"image\/jpeg\" \/>\n<meta name=\"twitter:card\" content=\"summary_large_image\" \/>\n<meta name=\"twitter:site\" content=\"@CareforHCS\" \/>\n<script type=\"application\/ld+json\" class=\"yoast-schema-graph\">{\"@context\":\"https:\\\/\\\/schema.org\",\"@graph\":[{\"@type\":\"WebPage\",\"@id\":\"https:\\\/\\\/carefor.ca\\\/fr\\\/programs\\\/centres-de-soutien-aux-personnes-agees-comtes-de-lest\\\/\",\"url\":\"https:\\\/\\\/carefor.ca\\\/fr\\\/programs\\\/centres-de-soutien-aux-personnes-agees-comtes-de-lest\\\/\",\"name\":\"Centres de soutien aux personnes \u00e2g\u00e9es \u2013 Comt\u00e9s de l\u2019Est - Carefor\",\"isPartOf\":{\"@id\":\"https:\\\/\\\/carefor.ca\\\/fr\\\/#website\"},\"datePublished\":\"2023-06-21T22:38:28+00:00\",\"dateModified\":\"2023-11-21T17:33:03+00:00\",\"breadcrumb\":{\"@id\":\"https:\\\/\\\/carefor.ca\\\/fr\\\/programs\\\/centres-de-soutien-aux-personnes-agees-comtes-de-lest\\\/#breadcrumb\"},\"inLanguage\":\"fr-FR\",\"potentialAction\":[{\"@type\":\"ReadAction\",\"target\":[\"https:\\\/\\\/carefor.ca\\\/fr\\\/programs\\\/centres-de-soutien-aux-personnes-agees-comtes-de-lest\\\/\"]}]},{\"@type\":\"BreadcrumbList\",\"@id\":\"https:\\\/\\\/carefor.ca\\\/fr\\\/programs\\\/centres-de-soutien-aux-personnes-agees-comtes-de-lest\\\/#breadcrumb\",\"itemListElement\":[{\"@type\":\"ListItem\",\"position\":1,\"name\":\"Home\",\"item\":\"https:\\\/\\\/carefor.ca\\\/fr\\\/\"},{\"@type\":\"ListItem\",\"position\":2,\"name\":\"Centres de soutien aux personnes \u00e2g\u00e9es \u2013 Comt\u00e9s de l\u2019Est\"}]},{\"@type\":\"WebSite\",\"@id\":\"https:\\\/\\\/carefor.ca\\\/fr\\\/#website\",\"url\":\"https:\\\/\\\/carefor.ca\\\/fr\\\/\",\"name\":\"Carefor\",\"description\":\"High Quality Homecare\",\"publisher\":{\"@id\":\"https:\\\/\\\/carefor.ca\\\/fr\\\/#organization\"},\"potentialAction\":[{\"@type\":\"SearchAction\",\"target\":{\"@type\":\"EntryPoint\",\"urlTemplate\":\"https:\\\/\\\/carefor.ca\\\/fr\\\/?s={search_term_string}\"},\"query-input\":{\"@type\":\"PropertyValueSpecification\",\"valueRequired\":true,\"valueName\":\"search_term_string\"}}],\"inLanguage\":\"fr-FR\"},{\"@type\":\"Organization\",\"@id\":\"https:\\\/\\\/carefor.ca\\\/fr\\\/#organization\",\"name\":\"Carefor Health and Community Services\",\"url\":\"https:\\\/\\\/carefor.ca\\\/fr\\\/\",\"logo\":{\"@type\":\"ImageObject\",\"inLanguage\":\"fr-FR\",\"@id\":\"https:\\\/\\\/carefor.ca\\\/fr\\\/#\\\/schema\\\/logo\\\/image\\\/\",\"url\":\"\",\"contentUrl\":\"\",\"caption\":\"Carefor Health and Community Services\"},\"image\":{\"@id\":\"https:\\\/\\\/carefor.ca\\\/fr\\\/#\\\/schema\\\/logo\\\/image\\\/\"},\"sameAs\":[\"https:\\\/\\\/www.facebook.com\\\/CareforHCS\",\"https:\\\/\\\/x.com\\\/CareforHCS\",\"https:\\\/\\\/www.linkedin.com\\\/company\\\/carefor-health-and-community-services\\\/\"],\"description\":\"205 Amelia Street, Suite 100 Cornwall, ON K6H 3P3\",\"email\":\"infoeasterncounties@carefor.ca\",\"telephone\":\"613-932-3451\"}]}<\/script>\n<!-- \/ Yoast SEO Premium plugin. -->","yoast_head_json":{"title":"Centres de soutien aux personnes \u00e2g\u00e9es \u2013 Comt\u00e9s de l\u2019Est - Carefor","robots":{"index":"index","follow":"follow","max-snippet":"max-snippet:-1","max-image-preview":"max-image-preview:large","max-video-preview":"max-video-preview:-1"},"canonical":"https:\/\/carefor.ca\/fr\/programs\/centres-de-soutien-aux-personnes-agees-comtes-de-lest\/","og_locale":"fr_FR","og_type":"article","og_title":"Centres de soutien aux personnes \u00e2g\u00e9es \u2013 Comt\u00e9s de l\u2019Est","og_url":"https:\/\/carefor.ca\/fr\/programs\/centres-de-soutien-aux-personnes-agees-comtes-de-lest\/","og_site_name":"Carefor","article_publisher":"https:\/\/www.facebook.com\/CareforHCS","article_modified_time":"2023-11-21T17:33:03+00:00","og_image":[{"width":2560,"height":1173,"url":"https:\/\/carefor.ca\/wp-content\/uploads\/2024\/10\/AdobeStock_480689145cropsmall-scaled.jpeg","type":"image\/jpeg"}],"twitter_card":"summary_large_image","twitter_site":"@CareforHCS","schema":{"@context":"https:\/\/schema.org","@graph":[{"@type":"WebPage","@id":"https:\/\/carefor.ca\/fr\/programs\/centres-de-soutien-aux-personnes-agees-comtes-de-lest\/","url":"https:\/\/carefor.ca\/fr\/programs\/centres-de-soutien-aux-personnes-agees-comtes-de-lest\/","name":"Centres de soutien aux personnes \u00e2g\u00e9es \u2013 Comt\u00e9s de l\u2019Est - Carefor","isPartOf":{"@id":"https:\/\/carefor.ca\/fr\/#website"},"datePublished":"2023-06-21T22:38:28+00:00","dateModified":"2023-11-21T17:33:03+00:00","breadcrumb":{"@id":"https:\/\/carefor.ca\/fr\/programs\/centres-de-soutien-aux-personnes-agees-comtes-de-lest\/#breadcrumb"},"inLanguage":"fr-FR","potentialAction":[{"@type":"ReadAction","target":["https:\/\/carefor.ca\/fr\/programs\/centres-de-soutien-aux-personnes-agees-comtes-de-lest\/"]}]},{"@type":"BreadcrumbList","@id":"https:\/\/carefor.ca\/fr\/programs\/centres-de-soutien-aux-personnes-agees-comtes-de-lest\/#breadcrumb","itemListElement":[{"@type":"ListItem","position":1,"name":"Home","item":"https:\/\/carefor.ca\/fr\/"},{"@type":"ListItem","position":2,"name":"Centres de soutien aux personnes \u00e2g\u00e9es \u2013 Comt\u00e9s de l\u2019Est"}]},{"@type":"WebSite","@id":"https:\/\/carefor.ca\/fr\/#website","url":"https:\/\/carefor.ca\/fr\/","name":"Carefor","description":"High Quality Homecare","publisher":{"@id":"https:\/\/carefor.ca\/fr\/#organization"},"potentialAction":[{"@type":"SearchAction","target":{"@type":"EntryPoint","urlTemplate":"https:\/\/carefor.ca\/fr\/?s={search_term_string}"},"query-input":{"@type":"PropertyValueSpecification","valueRequired":true,"valueName":"search_term_string"}}],"inLanguage":"fr-FR"},{"@type":"Organization","@id":"https:\/\/carefor.ca\/fr\/#organization","name":"Carefor Health and Community Services","url":"https:\/\/carefor.ca\/fr\/","logo":{"@type":"ImageObject","inLanguage":"fr-FR","@id":"https:\/\/carefor.ca\/fr\/#\/schema\/logo\/image\/","url":"","contentUrl":"","caption":"Carefor Health and Community Services"},"image":{"@id":"https:\/\/carefor.ca\/fr\/#\/schema\/logo\/image\/"},"sameAs":["https:\/\/www.facebook.com\/CareforHCS","https:\/\/x.com\/CareforHCS","https:\/\/www.linkedin.com\/company\/carefor-health-and-community-services\/"],"description":"205 Amelia Street, Suite 100 Cornwall, ON K6H 3P3","email":"infoeasterncounties@carefor.ca","telephone":"613-932-3451"}]}},"icon":"<img width=\"44\" height=\"44\" src=\"https:\/\/carefor.ca\/wp-content\/uploads\/2023\/06\/senior-support.svg\" class=\"attachment-logo-image size-logo-image\" alt=\"\" decoding=\"async\" loading=\"lazy\" \/>","icon_style":"","_links":{"self":[{"href":"https:\/\/carefor.ca\/fr\/wp-json\/wp\/v2\/program\/5532","targetHints":{"allow":["GET"]}}],"collection":[{"href":"https:\/\/carefor.ca\/fr\/wp-json\/wp\/v2\/program"}],"about":[{"href":"https:\/\/carefor.ca\/fr\/wp-json\/wp\/v2\/types\/program"}],"wp:attachment":[{"href":"https:\/\/carefor.ca\/fr\/wp-json\/wp\/v2\/media?parent=5532"}],"wp:term":[{"taxonomy":"programs-type","embeddable":true,"href":"https:\/\/carefor.ca\/fr\/wp-json\/wp\/v2\/programs-type?post=5532"},{"taxonomy":"programs-region","embeddable":true,"href":"https:\/\/carefor.ca\/fr\/wp-json\/wp\/v2\/programs-region?post=5532"}],"curies":[{"name":"wp","href":"https:\/\/api.w.org\/{rel}","templated":true}]}}